{"id":3168,"date":"2022-10-20T14:41:22","date_gmt":"2022-10-20T14:41:22","guid":{"rendered":"https:\/\/elmotivo.es\/politica-de-reservas\/"},"modified":"2022-10-20T14:53:08","modified_gmt":"2022-10-20T14:53:08","slug":"politica-de-reservas","status":"publish","type":"page","link":"https:\/\/elmotivo.es\/en\/politica-de-reservas\/","title":{"rendered":"Reservation Policy"},"content":{"rendered":"<p><strong>CONDICIONES DE LA CONTRATACI\u00d3N<\/strong><\/p>\n<p>Su reserva est\u00e1 garantizada hasta el d\u00eda de llegada. Despu\u00e9s de ese momento, ya no estar\u00e1 garantizada y el apartamento podr\u00e1 reasignarse.<\/p>\n<p>Creemos que los ni\u00f1os son nuestro futuro, pero aun as\u00ed usted debe tener 18 a\u00f1os y estar presente para reservar una habitaci\u00f3n.\u00b7<\/p>\n<p>\u00bfRealmente es usted? Se requiere una identificaci\u00f3n con foto v\u00e1lida al momento del registrar su llegada.\u00b7<\/p>\n<p>Todas las solicitudes para reservar un apartamento\u00a0deben incluir el nombre y apellido de todos los adultos que ocupar\u00e1n el apartamento\u00a0y una tarjeta de cr\u00e9dito\/d\u00e9bito v\u00e1lida para garantizar la llegada.\u00b7<\/p>\n<p>Nuestras tarifas de apartamentos est\u00e1n sujetas a cambios mientras no se haya realizado la reserva.\u00b7<\/p>\n<p><span style=\"text-decoration: underline;\"><strong>Llegada \/ salida \/ horario de atenci\u00f3n<br \/>\n<\/strong><\/span><\/p>\n<p>Hora de entrada (check-in): 4:00 p.m. Estaremos listos para ti.\u00b7<br \/>\nHora de salida (check-out): 12:00 a.m. \u00a1Aprovecha el d\u00eda, amigo!\u00b7<br \/>\nNosotros vivimos aqu\u00ed en \u201cNuestro Motivo\u201d, estamos para lo que necesites.<\/p>\n<p><span style=\"text-decoration: underline;\"><strong>Detalle de la cancelaci\u00f3n<\/strong><\/span><\/p>\n<p>En la vida pasa de todo. Lo entendemos, por lo que las reservas son totalmente reembolsables 7 d\u00edas\u00a0antes de la hora de llegada.\u00a0Para cancelar su reserva, env\u00ede un email a:\u00a0reservas@elmotivo.es.\u00a0Las cancelaciones recibidas despu\u00e9s de las 4 p.m. 7 d\u00edas antes a su llegada no ser\u00e1n reembolsadas, cobr\u00e1ndose el valor del 50% del total de la reserva.<\/p>\n<p><span style=\"text-decoration: underline;\"><strong>Precio de reserva est\u00e1ndar<\/strong><\/span><\/p>\n<p>El precio de reserva est\u00e1ndar incluye lo siguiente:<\/p>\n<ul>\n<li>Todos los impuestos.<\/li>\n<li>Servicios p\u00fablicos (agua, gas y electricidad).<\/li>\n<li>Uso de internet<\/li>\n<li>Toallas, ropa de cama y menaje del hogar.\u00b7<\/li>\n<li>Limpieza antes y despu\u00e9s de su estancia.<\/li>\n<li>Todos los servicios e instalaciones de los apartamentos mencionados en las p\u00e1ginas de nuestro sitio web.<\/li>\n<\/ul>\n<p><span style=\"text-decoration: underline;\"><strong>C\u00f3mo extender su estancia<\/strong><\/span><\/p>\n<p>Despu\u00e9s de haber reservado su estancia con nosotros, puede extenderla (dependiendo de la disponibilidad) indic\u00e1ndolo antes de llegar.\u00b7<\/p>\n<p>Si ya se encuentra hospedado con nosotros y desea permanecer m\u00e1s tiempo, inf\u00f3rmenos al menos 24 horas antes de la fecha de salida. Haremos todo lo posible para acomodarnos a sus nuevos planes y esto puede incluir el traslado a un apartamento similar si fuera necesario.<\/p>\n<p><span style=\"text-decoration: underline;\"><strong>Pol\u00edticas para menores de edad<\/strong><\/span><\/p>\n<p>Los ni\u00f1os menores de 3 a\u00f1os se hospedan sin cargo. Puede solicitar cunas de ser necesario sin cargo.<\/p>\n<p><span style=\"text-decoration: underline;\"><strong>Pol\u00edticas para mascotas<\/strong><\/span><\/p>\n<p>\u00bfSe aceptan mascotas? \u00a1Por supuesto! Se permite un m\u00e1ximo de dos mascotas por habitaci\u00f3n y sin cargo adicional. Solo aseg\u00farese de que sus amigos peludos hagan sus necesidades fuera del establecimiento y permanezcan con correa cuando est\u00e9n fuera del apartamento. Lo sentimos, no se permiten mascotas en la zona de c\u00e9sped, por higiene y en la zona de la piscina(esto por indicaci\u00f3n del departamento de salud). Adem\u00e1s, las mascotas no pueden dejarse desatendidas en los apartamentos si se van fuera del establecimiento.<\/p>\n<p>En caso de que su mascota cause da\u00f1os a la propiedad, se cobrar\u00e1 una tarifa proporcional al valor de mercado a su tarjeta de cr\u00e9dito\/debito registrada.<\/p>\n<p><span style=\"text-decoration: underline;\"><strong>Pol\u00edticas del\u00a0apartamento<\/strong><\/span><\/p>\n<p>Queremos que la pase muy bien cuando est\u00e9 aqu\u00ed. Pero si las cosas se vuelven muy locas, nos apegamos a la vieja regla de \u00absi lo rompes, lo compras\u00bb y los da\u00f1os a la propiedad o los elementos faltantes se cargar\u00e1n a su tarjeta de cr\u00e9dito al valor de mercado.<\/p>\n","protected":false},"excerpt":{"rendered":"<p>CONDICIONES DE LA CONTRATACI\u00d3N Su reserva est\u00e1 garantizada hasta el d\u00eda de llegada. Despu\u00e9s de ese momento, ya no estar\u00e1 garantizada y el apartamento podr\u00e1 reasignarse. Creemos que los ni\u00f1os son nuestro futuro, pero aun as\u00ed usted debe tener 18 a\u00f1os y estar presente para reservar una habitaci\u00f3n.\u00b7 \u00bfRealmente es usted? Se requiere una identificaci\u00f3n [&hellip;]<\/p>\n","protected":false},"author":1,"featured_media":0,"parent":0,"menu_order":0,"comment_status":"closed","ping_status":"closed","template":"","meta":{"inline_featured_image":false,"footnotes":""},"class_list":["post-3168","page","type-page","status-publish","hentry"],"acf":[],"_links":{"self":[{"href":"https:\/\/elmotivo.es\/en\/wp-json\/wp\/v2\/pages\/3168","targetHints":{"allow":["GET"]}}],"collection":[{"href":"https:\/\/elmotivo.es\/en\/wp-json\/wp\/v2\/pages"}],"about":[{"href":"https:\/\/elmotivo.es\/en\/wp-json\/wp\/v2\/types\/page"}],"author":[{"embeddable":true,"href":"https:\/\/elmotivo.es\/en\/wp-json\/wp\/v2\/users\/1"}],"replies":[{"embeddable":true,"href":"https:\/\/elmotivo.es\/en\/wp-json\/wp\/v2\/comments?post=3168"}],"version-history":[{"count":1,"href":"https:\/\/elmotivo.es\/en\/wp-json\/wp\/v2\/pages\/3168\/revisions"}],"predecessor-version":[{"id":3169,"href":"https:\/\/elmotivo.es\/en\/wp-json\/wp\/v2\/pages\/3168\/revisions\/3169"}],"wp:attachment":[{"href":"https:\/\/elmotivo.es\/en\/wp-json\/wp\/v2\/media?parent=3168"}],"curies":[{"name":"wp","href":"https:\/\/api.w.org\/{rel}","templated":true}]}}